{"id":2286,"date":"2019-07-22T16:45:24","date_gmt":"2019-07-22T16:45:24","guid":{"rendered":"https:\/\/www.referenciaveterinaria.pt\/?page_id=2286"},"modified":"2020-09-08T12:55:35","modified_gmt":"2020-09-08T12:55:35","slug":"responsabilidade-social","status":"publish","type":"page","link":"https:\/\/www.referenciaveterinaria.pt\/?page_id=2286","title":{"rendered":"Responsabilidade Social"},"content":{"rendered":"\n<div class=\"wp-block-themeisle-blocks-advanced-columns alignwide has-1-columns has-desktop-equal-layout has-tablet-equal-layout has-mobile-equal-layout has-default-gap has-vertical-unset\" id=\"wp-block-themeisle-blocks-advanced-columns-bf4576dc\"><div class=\"wp-block-themeisle-blocks-advanced-columns-overlay\"><\/div><div class=\"innerblocks-wrap\">\n<div class=\"wp-block-themeisle-blocks-advanced-column\" id=\"wp-block-themeisle-blocks-advanced-column-9b20302e\">\n<p> A sociedade tem vindo a organizar-se tendo em vista a adop\u00e7\u00e3o de um conjunto cada vez maior de iniciativas que revelam preocupa\u00e7\u00f5es sociais.<\/p>\n\n\n\n<p>A&nbsp;<strong>Responsabilidade Socia<\/strong>l de uma empresa n\u00e3o se restringe apenas ao cumprimento das suas obriga\u00e7\u00f5es legais, implicando tamb\u00e9m a adop\u00e7\u00e3o de atitudes e comportamentos \u00e9ticos e respons\u00e1veis que passam por um maior investimento em capital humano, no ambiente e nas comunidades locais.<\/p>\n\n\n\n<div class=\"wp-block-image is-style-rounded\"><figure class=\"alignleft size-large is-resized\"><img loading=\"lazy\" decoding=\"async\" src=\"https:\/\/www.referenciaveterinaria.pt\/wp-content\/uploads\/2020\/03\/Imagem-RS_RRV-1.png\" alt=\"\" class=\"wp-image-2395\" width=\"248\" height=\"171\" srcset=\"https:\/\/www.referenciaveterinaria.pt\/wp-content\/uploads\/2020\/03\/Imagem-RS_RRV-1.png 992w, https:\/\/www.referenciaveterinaria.pt\/wp-content\/uploads\/2020\/03\/Imagem-RS_RRV-1-300x207.png 300w, https:\/\/www.referenciaveterinaria.pt\/wp-content\/uploads\/2020\/03\/Imagem-RS_RRV-1-768x530.png 768w\" sizes=\"auto, (max-width: 248px) 100vw, 248px\" \/><\/figure><\/div>\n\n\n\n<p class=\"has-text-align-left\">Segundo o Livro Verde da Comiss\u00e3o Europeia (2001), a Responsabilidade Social \u00e9 um&nbsp;<strong>conceito segundo o qual, as empresas decidem, numa base volunt\u00e1ria, contribuir para uma sociedade mais justa e para um ambiente mais limpo.&nbsp;<\/strong><\/p>\n\n\n\n<p><\/p>\n\n\n\n<p>O respeito pelo bem-estar dos animais constitui um pilar da filosofia de seguran\u00e7a dos nossos servi\u00e7os.<\/p>\n\n\n\n<p>Esta Unidade Multidisciplinar de Refer\u00eancia Veterin\u00e1ria, que pretende ser um centro de excel\u00eancia, ter\u00e1 tamb\u00e9m como miss\u00e3o apoiar e promover a investiga\u00e7\u00e3o e a forma\u00e7\u00e3o na \u00e1rea da Medicina Veterin\u00e1ria. <\/p>\n\n\n\n<p>Para estes efeitos, pugnamos pela op\u00e7\u00e3o por uma componente ecol\u00f3gica, formativa e de apoio \u00e0s entidades da comunidade, respons\u00e1veis pela investiga\u00e7\u00e3o, forma\u00e7\u00e3o e apoio aos animais.<\/p>\n\n\n\n<div class=\"wp-block-image is-style-circle-mask is-style-default\"><figure class=\"alignleft size-large is-resized\"><img loading=\"lazy\" decoding=\"async\" src=\"https:\/\/www.referenciaveterinaria.pt\/wp-content\/uploads\/2020\/03\/responsabilidade-social-conteudo.png\" alt=\"\" class=\"wp-image-2391\" width=\"230\" height=\"120\" srcset=\"https:\/\/www.referenciaveterinaria.pt\/wp-content\/uploads\/2020\/03\/responsabilidade-social-conteudo.png 680w, https:\/\/www.referenciaveterinaria.pt\/wp-content\/uploads\/2020\/03\/responsabilidade-social-conteudo-300x157.png 300w\" sizes=\"auto, (max-width: 230px) 100vw, 230px\" \/><\/figure><\/div>\n\n\n\n<p class=\"has-text-align-left\">Al\u00e9m da pol\u00edtica de reciclagem integral dos materiais e equipamentos utilizados, as nossas instala\u00e7\u00f5es incluem sistemas ecol\u00f3gicos e de energia solar renov\u00e1vel para produ\u00e7\u00e3o de \u00e1gua quente, realizamos o encaminhamento dos materiais e res\u00edduos biol\u00f3gicos ou perigosos pelos canais de tratamento preconizados pela lei e de acordo com uma pol\u00edtica de integral reciclagem.<\/p>\n\n\n\n<div class=\"wp-block-image is-style-circle-mask is-style-default\"><figure class=\"alignleft size-large is-resized\"><img loading=\"lazy\" decoding=\"async\" src=\"https:\/\/www.referenciaveterinaria.pt\/wp-content\/uploads\/2020\/03\/lampadas-LED-1.png\" alt=\"\" class=\"wp-image-2393\" width=\"170\" height=\"118\" srcset=\"https:\/\/www.referenciaveterinaria.pt\/wp-content\/uploads\/2020\/03\/lampadas-LED-1.png 512w, https:\/\/www.referenciaveterinaria.pt\/wp-content\/uploads\/2020\/03\/lampadas-LED-1-300x210.png 300w\" sizes=\"auto, (max-width: 170px) 100vw, 170px\" \/><\/figure><\/div>\n\n\n\n<p class=\"has-text-align-left\">Encontramo-nos num processo de reconvers\u00e3o de toda a instala\u00e7\u00e3o el\u00e9ctrica dos sistemas de ilumina\u00e7\u00e3o antigos para solu\u00e7\u00f5es que integram a tecnologia LED, n\u00e3o s\u00f3 mais econ\u00f3mica como tamb\u00e9m mais limpa em termos ambientais e de efici\u00eancia energ\u00e9tica, com uma redu\u00e7\u00e3o prevista de consumo e pegada ecol\u00f3gica de cerca de 35% nesta \u00e1rea.<\/p>\n\n\n\n<div class=\"wp-block-image is-style-circle-mask\"><figure class=\"alignleft size-large is-resized\"><img loading=\"lazy\" decoding=\"async\" src=\"https:\/\/www.referenciaveterinaria.pt\/wp-content\/uploads\/2020\/09\/Art685_Fig31.png\" alt=\"\" class=\"wp-image-2488\" width=\"224\" height=\"95\" srcset=\"https:\/\/www.referenciaveterinaria.pt\/wp-content\/uploads\/2020\/09\/Art685_Fig31.png 776w, https:\/\/www.referenciaveterinaria.pt\/wp-content\/uploads\/2020\/09\/Art685_Fig31-300x128.png 300w, https:\/\/www.referenciaveterinaria.pt\/wp-content\/uploads\/2020\/09\/Art685_Fig31-768x329.png 768w\" sizes=\"auto, (max-width: 224px) 100vw, 224px\" \/><\/figure><\/div>\n\n\n\n<p class=\"has-text-align-left\">Tendo em mente preocupa\u00e7\u00f5es ambientais e de modo a diminuir a pegada ecol\u00f3gica do processo, elimin\u00e1mos da nossa cadeia de produ\u00e7\u00e3o de imagiologia a grava\u00e7\u00e3o de CD ou DVD, passando a disponibilizar e enviar de forma pr\u00e1tica e acess\u00edvel os exames em formato electr\u00f3nico.<\/p>\n\n\n\n<p class=\"has-text-align-left\">Apoiamos directamente as entidades de recolha e apoio a animais abandonados, com servi\u00e7os a pre\u00e7o reduzido, tendo em vista a disponibiliza\u00e7\u00e3o mais facilitada de servi\u00e7os especializados a animais que poderiam ter maior dificuldade de acesso aos mesmos. <\/p>\n<\/div>\n<\/div><\/div>\n\n\n\n<p><\/p>\n","protected":false},"excerpt":{"rendered":"","protected":false},"author":4,"featured_media":2287,"parent":0,"menu_order":0,"comment_status":"closed","ping_status":"closed","template":"","meta":{"footnotes":""},"class_list":["post-2286","page","type-page","status-publish","has-post-thumbnail","hentry"],"yoast_head":"<!-- This site is optimized with the Yoast SEO plugin v27.5 - https:\/\/yoast.com\/product\/yoast-seo-wordpress\/ -->\n<title>Responsabilidade Social - Refer\u00eancia Veterin\u00e1ria<\/title>\n<meta name=\"description\" content=\"Uma parceria especializada de refer\u00eancia entre m\u00e9dicos veterin\u00e1rios para a melhoria do n\u00edvel de servi\u00e7o aos seus clientes! veterin\u00e1ria neurologia neurocirurgia oftalmologia ortopedia catarata conjuntivite oncologia resson\u00e2ncia magn\u00e9tica tomografia computorizada computadorizada radiologia digital cristina ribeiro jo\u00e3o ribeiro seruca ana rita serras pedro parreira pedro fachada enfermagem veterin\u00e1ria\" \/>\n<meta name=\"robots\" content=\"index, follow, max-snippet:-1, max-image-preview:large, max-video-preview:-1\" \/>\n<link rel=\"canonical\" href=\"https:\/\/www.referenciaveterinaria.pt\/?page_id=2286\" \/>\n<meta property=\"og:locale\" content=\"pt_PT\" \/>\n<meta property=\"og:type\" content=\"article\" \/>\n<meta property=\"og:title\" content=\"Responsabilidade Social - Refer\u00eancia Veterin\u00e1ria\" \/>\n<meta property=\"og:description\" content=\"Uma parceria especializada de refer\u00eancia entre m\u00e9dicos veterin\u00e1rios para a melhoria do n\u00edvel de servi\u00e7o aos seus clientes! veterin\u00e1ria neurologia neurocirurgia oftalmologia ortopedia catarata conjuntivite oncologia resson\u00e2ncia magn\u00e9tica tomografia computorizada computadorizada radiologia digital cristina ribeiro jo\u00e3o ribeiro seruca ana rita serras pedro parreira pedro fachada enfermagem veterin\u00e1ria\" \/>\n<meta property=\"og:url\" content=\"https:\/\/www.referenciaveterinaria.pt\/?page_id=2286\" \/>\n<meta property=\"og:site_name\" content=\"Refer\u00eancia Veterin\u00e1ria\" \/>\n<meta property=\"article:publisher\" content=\"https:\/\/www.facebook.com\/www.referenciaveterinaria.pt\" \/>\n<meta property=\"article:modified_time\" content=\"2020-09-08T12:55:35+00:00\" \/>\n<meta property=\"og:image\" content=\"https:\/\/www.referenciaveterinaria.pt\/wp-content\/uploads\/2019\/07\/responsabilidade-social-conteudo.png\" \/>\n\t<meta property=\"og:image:width\" content=\"680\" \/>\n\t<meta property=\"og:image:height\" content=\"356\" \/>\n\t<meta property=\"og:image:type\" content=\"image\/png\" \/>\n<meta name=\"twitter:card\" content=\"summary_large_image\" \/>\n<meta name=\"twitter:label1\" content=\"Tempo estimado de leitura\" \/>\n\t<meta name=\"twitter:data1\" content=\"2 minutos\" \/>\n<script type=\"application\/ld+json\" class=\"yoast-schema-graph\">{\"@context\":\"https:\\\/\\\/schema.org\",\"@graph\":[{\"@type\":\"WebPage\",\"@id\":\"https:\\\/\\\/www.referenciaveterinaria.pt\\\/?page_id=2286\",\"url\":\"https:\\\/\\\/www.referenciaveterinaria.pt\\\/?page_id=2286\",\"name\":\"Responsabilidade Social - Refer\u00eancia Veterin\u00e1ria\",\"isPartOf\":{\"@id\":\"https:\\\/\\\/www.referenciaveterinaria.pt\\\/#website\"},\"primaryImageOfPage\":{\"@id\":\"https:\\\/\\\/www.referenciaveterinaria.pt\\\/?page_id=2286#primaryimage\"},\"image\":{\"@id\":\"https:\\\/\\\/www.referenciaveterinaria.pt\\\/?page_id=2286#primaryimage\"},\"thumbnailUrl\":\"https:\\\/\\\/www.referenciaveterinaria.pt\\\/wp-content\\\/uploads\\\/2019\\\/07\\\/responsabilidade-social-conteudo.png\",\"datePublished\":\"2019-07-22T16:45:24+00:00\",\"dateModified\":\"2020-09-08T12:55:35+00:00\",\"description\":\"Uma parceria especializada de refer\u00eancia entre m\u00e9dicos veterin\u00e1rios para a melhoria do n\u00edvel de servi\u00e7o aos seus clientes! veterin\u00e1ria neurologia neurocirurgia oftalmologia ortopedia catarata conjuntivite oncologia resson\u00e2ncia magn\u00e9tica tomografia computorizada computadorizada radiologia digital cristina ribeiro jo\u00e3o ribeiro seruca ana rita serras pedro parreira pedro fachada enfermagem veterin\u00e1ria\",\"breadcrumb\":{\"@id\":\"https:\\\/\\\/www.referenciaveterinaria.pt\\\/?page_id=2286#breadcrumb\"},\"inLanguage\":\"pt-PT\",\"potentialAction\":[{\"@type\":\"ReadAction\",\"target\":[\"https:\\\/\\\/www.referenciaveterinaria.pt\\\/?page_id=2286\"]}]},{\"@type\":\"ImageObject\",\"inLanguage\":\"pt-PT\",\"@id\":\"https:\\\/\\\/www.referenciaveterinaria.pt\\\/?page_id=2286#primaryimage\",\"url\":\"https:\\\/\\\/www.referenciaveterinaria.pt\\\/wp-content\\\/uploads\\\/2019\\\/07\\\/responsabilidade-social-conteudo.png\",\"contentUrl\":\"https:\\\/\\\/www.referenciaveterinaria.pt\\\/wp-content\\\/uploads\\\/2019\\\/07\\\/responsabilidade-social-conteudo.png\",\"width\":680,\"height\":356},{\"@type\":\"BreadcrumbList\",\"@id\":\"https:\\\/\\\/www.referenciaveterinaria.pt\\\/?page_id=2286#breadcrumb\",\"itemListElement\":[{\"@type\":\"ListItem\",\"position\":1,\"name\":\"In\u00edcio\",\"item\":\"https:\\\/\\\/www.referenciaveterinaria.pt\\\/\"},{\"@type\":\"ListItem\",\"position\":2,\"name\":\"Responsabilidade Social\"}]},{\"@type\":\"WebSite\",\"@id\":\"https:\\\/\\\/www.referenciaveterinaria.pt\\\/#website\",\"url\":\"https:\\\/\\\/www.referenciaveterinaria.pt\\\/\",\"name\":\"Refer\u00eancia Veterin\u00e1ria\",\"description\":\"Refer\u00eancia Veterin\u00e1ria\",\"publisher\":{\"@id\":\"https:\\\/\\\/www.referenciaveterinaria.pt\\\/#organization\"},\"potentialAction\":[{\"@type\":\"SearchAction\",\"target\":{\"@type\":\"EntryPoint\",\"urlTemplate\":\"https:\\\/\\\/www.referenciaveterinaria.pt\\\/?s={search_term_string}\"},\"query-input\":{\"@type\":\"PropertyValueSpecification\",\"valueRequired\":true,\"valueName\":\"search_term_string\"}}],\"inLanguage\":\"pt-PT\"},{\"@type\":\"Organization\",\"@id\":\"https:\\\/\\\/www.referenciaveterinaria.pt\\\/#organization\",\"name\":\"Refer\u00eancia Veterin\u00e1ria\",\"url\":\"https:\\\/\\\/www.referenciaveterinaria.pt\\\/\",\"logo\":{\"@type\":\"ImageObject\",\"inLanguage\":\"pt-PT\",\"@id\":\"https:\\\/\\\/www.referenciaveterinaria.pt\\\/#\\\/schema\\\/logo\\\/image\\\/\",\"url\":\"https:\\\/\\\/www.referenciaveterinaria.pt\\\/wp-content\\\/uploads\\\/2019\\\/04\\\/Logotipo_3840x1540_CorPantone119c_897322_RGB137_115_34_hires_transp-1-e1556491362616.png\",\"contentUrl\":\"https:\\\/\\\/www.referenciaveterinaria.pt\\\/wp-content\\\/uploads\\\/2019\\\/04\\\/Logotipo_3840x1540_CorPantone119c_897322_RGB137_115_34_hires_transp-1-e1556491362616.png\",\"width\":249,\"height\":100,\"caption\":\"Refer\u00eancia Veterin\u00e1ria\"},\"image\":{\"@id\":\"https:\\\/\\\/www.referenciaveterinaria.pt\\\/#\\\/schema\\\/logo\\\/image\\\/\"},\"sameAs\":[\"https:\\\/\\\/www.facebook.com\\\/www.referenciaveterinaria.pt\"]}]}<\/script>\n<!-- \/ Yoast SEO plugin. -->","yoast_head_json":{"title":"Responsabilidade Social - Refer\u00eancia Veterin\u00e1ria","description":"Uma parceria especializada de refer\u00eancia entre m\u00e9dicos veterin\u00e1rios para a melhoria do n\u00edvel de servi\u00e7o aos seus clientes! veterin\u00e1ria neurologia neurocirurgia oftalmologia ortopedia catarata conjuntivite oncologia resson\u00e2ncia magn\u00e9tica tomografia computorizada computadorizada radiologia digital cristina ribeiro jo\u00e3o ribeiro seruca ana rita serras pedro parreira pedro fachada enfermagem veterin\u00e1ria","robots":{"index":"index","follow":"follow","max-snippet":"max-snippet:-1","max-image-preview":"max-image-preview:large","max-video-preview":"max-video-preview:-1"},"canonical":"https:\/\/www.referenciaveterinaria.pt\/?page_id=2286","og_locale":"pt_PT","og_type":"article","og_title":"Responsabilidade Social - Refer\u00eancia Veterin\u00e1ria","og_description":"Uma parceria especializada de refer\u00eancia entre m\u00e9dicos veterin\u00e1rios para a melhoria do n\u00edvel de servi\u00e7o aos seus clientes! veterin\u00e1ria neurologia neurocirurgia oftalmologia ortopedia catarata conjuntivite oncologia resson\u00e2ncia magn\u00e9tica tomografia computorizada computadorizada radiologia digital cristina ribeiro jo\u00e3o ribeiro seruca ana rita serras pedro parreira pedro fachada enfermagem veterin\u00e1ria","og_url":"https:\/\/www.referenciaveterinaria.pt\/?page_id=2286","og_site_name":"Refer\u00eancia Veterin\u00e1ria","article_publisher":"https:\/\/www.facebook.com\/www.referenciaveterinaria.pt","article_modified_time":"2020-09-08T12:55:35+00:00","og_image":[{"width":680,"height":356,"url":"https:\/\/www.referenciaveterinaria.pt\/wp-content\/uploads\/2019\/07\/responsabilidade-social-conteudo.png","type":"image\/png"}],"twitter_card":"summary_large_image","twitter_misc":{"Tempo estimado de leitura":"2 minutos"},"schema":{"@context":"https:\/\/schema.org","@graph":[{"@type":"WebPage","@id":"https:\/\/www.referenciaveterinaria.pt\/?page_id=2286","url":"https:\/\/www.referenciaveterinaria.pt\/?page_id=2286","name":"Responsabilidade Social - Refer\u00eancia Veterin\u00e1ria","isPartOf":{"@id":"https:\/\/www.referenciaveterinaria.pt\/#website"},"primaryImageOfPage":{"@id":"https:\/\/www.referenciaveterinaria.pt\/?page_id=2286#primaryimage"},"image":{"@id":"https:\/\/www.referenciaveterinaria.pt\/?page_id=2286#primaryimage"},"thumbnailUrl":"https:\/\/www.referenciaveterinaria.pt\/wp-content\/uploads\/2019\/07\/responsabilidade-social-conteudo.png","datePublished":"2019-07-22T16:45:24+00:00","dateModified":"2020-09-08T12:55:35+00:00","description":"Uma parceria especializada de refer\u00eancia entre m\u00e9dicos veterin\u00e1rios para a melhoria do n\u00edvel de servi\u00e7o aos seus clientes! veterin\u00e1ria neurologia neurocirurgia oftalmologia ortopedia catarata conjuntivite oncologia resson\u00e2ncia magn\u00e9tica tomografia computorizada computadorizada radiologia digital cristina ribeiro jo\u00e3o ribeiro seruca ana rita serras pedro parreira pedro fachada enfermagem veterin\u00e1ria","breadcrumb":{"@id":"https:\/\/www.referenciaveterinaria.pt\/?page_id=2286#breadcrumb"},"inLanguage":"pt-PT","potentialAction":[{"@type":"ReadAction","target":["https:\/\/www.referenciaveterinaria.pt\/?page_id=2286"]}]},{"@type":"ImageObject","inLanguage":"pt-PT","@id":"https:\/\/www.referenciaveterinaria.pt\/?page_id=2286#primaryimage","url":"https:\/\/www.referenciaveterinaria.pt\/wp-content\/uploads\/2019\/07\/responsabilidade-social-conteudo.png","contentUrl":"https:\/\/www.referenciaveterinaria.pt\/wp-content\/uploads\/2019\/07\/responsabilidade-social-conteudo.png","width":680,"height":356},{"@type":"BreadcrumbList","@id":"https:\/\/www.referenciaveterinaria.pt\/?page_id=2286#breadcrumb","itemListElement":[{"@type":"ListItem","position":1,"name":"In\u00edcio","item":"https:\/\/www.referenciaveterinaria.pt\/"},{"@type":"ListItem","position":2,"name":"Responsabilidade Social"}]},{"@type":"WebSite","@id":"https:\/\/www.referenciaveterinaria.pt\/#website","url":"https:\/\/www.referenciaveterinaria.pt\/","name":"Refer\u00eancia Veterin\u00e1ria","description":"Refer\u00eancia Veterin\u00e1ria","publisher":{"@id":"https:\/\/www.referenciaveterinaria.pt\/#organization"},"potentialAction":[{"@type":"SearchAction","target":{"@type":"EntryPoint","urlTemplate":"https:\/\/www.referenciaveterinaria.pt\/?s={search_term_string}"},"query-input":{"@type":"PropertyValueSpecification","valueRequired":true,"valueName":"search_term_string"}}],"inLanguage":"pt-PT"},{"@type":"Organization","@id":"https:\/\/www.referenciaveterinaria.pt\/#organization","name":"Refer\u00eancia Veterin\u00e1ria","url":"https:\/\/www.referenciaveterinaria.pt\/","logo":{"@type":"ImageObject","inLanguage":"pt-PT","@id":"https:\/\/www.referenciaveterinaria.pt\/#\/schema\/logo\/image\/","url":"https:\/\/www.referenciaveterinaria.pt\/wp-content\/uploads\/2019\/04\/Logotipo_3840x1540_CorPantone119c_897322_RGB137_115_34_hires_transp-1-e1556491362616.png","contentUrl":"https:\/\/www.referenciaveterinaria.pt\/wp-content\/uploads\/2019\/04\/Logotipo_3840x1540_CorPantone119c_897322_RGB137_115_34_hires_transp-1-e1556491362616.png","width":249,"height":100,"caption":"Refer\u00eancia Veterin\u00e1ria"},"image":{"@id":"https:\/\/www.referenciaveterinaria.pt\/#\/schema\/logo\/image\/"},"sameAs":["https:\/\/www.facebook.com\/www.referenciaveterinaria.pt"]}]}},"_links":{"self":[{"href":"https:\/\/www.referenciaveterinaria.pt\/index.php?rest_route=\/wp\/v2\/pages\/2286","targetHints":{"allow":["GET"]}}],"collection":[{"href":"https:\/\/www.referenciaveterinaria.pt\/index.php?rest_route=\/wp\/v2\/pages"}],"about":[{"href":"https:\/\/www.referenciaveterinaria.pt\/index.php?rest_route=\/wp\/v2\/types\/page"}],"author":[{"embeddable":true,"href":"https:\/\/www.referenciaveterinaria.pt\/index.php?rest_route=\/wp\/v2\/users\/4"}],"replies":[{"embeddable":true,"href":"https:\/\/www.referenciaveterinaria.pt\/index.php?rest_route=%2Fwp%2Fv2%2Fcomments&post=2286"}],"version-history":[{"count":15,"href":"https:\/\/www.referenciaveterinaria.pt\/index.php?rest_route=\/wp\/v2\/pages\/2286\/revisions"}],"predecessor-version":[{"id":2493,"href":"https:\/\/www.referenciaveterinaria.pt\/index.php?rest_route=\/wp\/v2\/pages\/2286\/revisions\/2493"}],"wp:featuredmedia":[{"embeddable":true,"href":"https:\/\/www.referenciaveterinaria.pt\/index.php?rest_route=\/wp\/v2\/media\/2287"}],"wp:attachment":[{"href":"https:\/\/www.referenciaveterinaria.pt\/index.php?rest_route=%2Fwp%2Fv2%2Fmedia&parent=2286"}],"curies":[{"name":"wp","href":"https:\/\/api.w.org\/{rel}","templated":true}]}}